{"id":13,"date":"2018-01-03T15:31:28","date_gmt":"2018-01-03T15:31:28","guid":{"rendered":"http:\/\/server.paap.cup.edu.uy\/wordpress_pf\/?page_id=13"},"modified":"2019-07-22T16:59:03","modified_gmt":"2019-07-22T16:59:03","slug":"extension","status":"publish","type":"page","link":"https:\/\/ecologiafluvial.cup.edu.uy\/index.php\/extension\/","title":{"rendered":"Extensi\u00f3n"},"content":{"rendered":"<h3 class=\"gmail_default\"><span style=\"color: #008000;\">CHARLAS<\/span><\/h3>\n<p dir=\"ltr\"><strong>2019.\u00a0<\/strong>Liceo 5. \u201cImpactos antropol\u00f3gicos sobre las comunidades de peces en Uruguay\u201d por Dr. Iv\u00e1n Gonz\u00e1lez.<\/p>\n<p dir=\"ltr\"><strong>2018-2019.<\/strong> Liceo 1. Charlas<span class=\"gmail_default\"> a estudiantes<\/span>,\u00a0\u00abCrecimiento Secundaria de Plantas Le\u00f1osas y Determinaci\u00f3n de edad de los \u00e1rboles\u00bb por Dra. Christine Lucas.<\/p>\n<p dir=\"ltr\"><strong>2018.<\/strong> Liceo<span class=\"gmail_default\"> 1. Charla a estudiantes (Profesor a cargo Dar\u00edo Dalmas),<\/span>\u00a0\u00abDataci\u00f3n de edades de \u00e1rboles\u00bb\u00a0por\u00a0 Dra. Christine Lucas.<\/p>\n<p dir=\"ltr\"><strong>2018.<\/strong> Escuela Mafalda.\u00a0Charla para estudiantes de segundo nivel (Maestra a cargo Alexandra Mary). \u00abP\u00e1jaros de Uruguay\u00bb\u00a0por Dra. Christine Lucas.<\/p>\n<h3><\/h3>\n<h3 dir=\"ltr\"><span style=\"color: #008000;\">GESTI\u00d3N DE BOSQUES NATIVOS<\/span><\/h3>\n<p dir=\"ltr\"><strong>2018-2019.<\/strong> Participaci\u00f3n en 3 reuniones (duraci\u00f3n 8-10 horas por d\u00eda) organizados por el Sistema Nacional de \u00c1reas Protegidas (SNAP) para el desarrollo de un plan de manejo para el \u00c1rea Protegida \u201cMontes del Queguay\u201d, Departamento de Paysand\u00fa.<\/p>\n<p dir=\"ltr\"><strong>2017-2018.<\/strong> Socio, participaci\u00f3n en reuniones respecto al Corredor Biol\u00f3gico Farrapos Queguay, CEADU-Vida Silvestre.<\/p>\n<p dir=\"ltr\"><strong>2016-2018.<\/strong> Participaci\u00f3n en el Observatorio Ambiental, Departamento de Paysand\u00fa<span class=\"gmail_default\">.<\/span><\/p>\n<h3><\/h3>\n<h3 dir=\"ltr\"><span style=\"color: #008000;\">EDUCACI\u00d3N PERMANENTE<\/span><\/h3>\n<p dir=\"ltr\"><strong>2017.<\/strong> Lectura de Anillos como herramienta para la gesti\u00f3n de bosques (CENUR Litoral Norte &#8211; Paysand\u00fa) Docentes: MSc. Paulina Puchi, Dra. Ludmila Profumo, Dra. Christine Lucas.<\/p>\n<p dir=\"ltr\"><strong>2017.<\/strong> Coordinaci\u00f3n del Curso Gesti\u00f3n de Bosques Naturales (Cenur Litoral Norte &#8211; Paysand\u00fa) Docente: Agust\u00edn B\u00f3ffano y t\u00e9cnicos de la Direcci\u00f3n General Forestal.<\/p>\n<p dir=\"ltr\"><strong>2016.<\/strong> Introducci\u00f3n a Sistemas de Informaci\u00f3n Geogr\u00e1fica (Cenur Litoral Norte &#8211; Paysand\u00fa) con Agust\u00edn B\u00f3ffano, Christine Lucas.<\/p>\n<h3><\/h3>\n<h3 dir=\"ltr\"><span style=\"color: #008000;\">JORNADAS EN ESPACIOS DE CIENCIA Y TECNOLOG\u00cdA<\/span><\/h3>\n<p dir=\"ltr\"><strong>2017.<\/strong> Participaci\u00f3n en la Jornada de Puertas Abiertas de la Semana de C<span class=\"gmail_default\">iencia <\/span>y T<span class=\"gmail_default\">ecnolog\u00eda <\/span> \u00abAgua, Le\u00f1a y Pescado: Relaciones entre calidad de agua, crecimiento de \u00e1rboles y posibles implicaciones para peces migratorios en el Litoral de Uruguay\u00bb, Depto. de Qu\u00edmica, EEMAC, Paysand\u00fa.<\/p>\n<p dir=\"ltr\"><strong>\u00a02014.<\/strong> Contribuci\u00f3n de materiales para la <span class=\"gmail_default\">Feria Latitud Ciencia<\/span>, Intendencia de Montevideo, Uruguay.<\/p>\n<h3><\/h3>\n<h3><span style=\"color: #008000;\">LA PESCA<\/span><\/h3>\n<p>(Coordinaci\u00f3n: Marcelo Crossa)<\/p>\n<p><strong>Participaci\u00f3n en talleres:<br \/>\n<\/strong><span style=\"text-indent: 0em;\"><strong>2017.<\/strong> Taller de Manipulaci\u00f3n de Pescado para pescadores de Paysand\u00fa y Nuevo Berl\u00edn.<\/span><br \/>\nFacultad de Veterinaria, Polo de Ecolog\u00eda Fluvial, Mides.<br \/>\n10 y 11 de octubre, Instituto de Investigaciones Pesqueras, Facultad de Veterinaria, Montevideo.<\/p>\n<p><strong>2017.<\/strong> Taller \u00abSector pesquero, mercante, mar\u00edtimo, naval. Desaf\u00edos educativos, organizativos e institucionales para Uruguay\u00bb.<br \/>\n25 de setiembre. Espacio Interdisciplinario \u2013 Universidad de la Rep\u00fablica. Montevideo.<\/p>\n<p><strong>2017.<\/strong> Ciclo la Pesca en Debate 2017. Jornada \u201cProducci\u00f3n y comercializaci\u00f3n pesquera en la regi\u00f3n Litoral Norte del R\u00edo Uruguay\u201d Sede Paysand\u00fa del Cenur Litoral Norte y Club de Pescadores.<br \/>\n7 de octubre, Paysand\u00fa.<\/p>\n<p>Entrevista en el Programa No Toquen Nada y nota en Radio del Sol FM de Montevideo sobre el tema Pesca Artesanal.<br \/>\n<a href=\"http:\/\/delsol.uy\/notoquennada\/ronda\/pesca-artesanal-informalidad-e-intermediarios\" target=\"_blank\" rel=\"noopener\">http:\/\/delsol.uy\/notoquennada\/ronda\/pesca-artesanal-informalidad-e-intermediarios<br \/>\n<\/a><\/p>\n<p><strong>2017.<\/strong> Taller \u201cLa pesca deportiva em Guich\u00f3n\u201d. Charla: \u201cEl r\u00edo Queguay, sus caracter\u00edsticas y condiciones para la pesca deportiva\u201d.<br \/>\n18 de octubre, Guich\u00f3n, Paysand\u00fa.<\/p>\n<p><strong>2017.<\/strong> Taller de Pesca (Experiencias de Gesti\u00f3n y Comercializaci\u00f3n de Pescado con pr\u00e1ctica de procesamiento) en Nuevo Berl\u00edn. Casa de R\u00edo Negro; Intendencia de R\u00edo Negro y Polo de Ecolog\u00eda Fluvial. 18 de noviembre.<\/p>\n<p><strong>2017.<\/strong> La pesca en el r\u00edo Uruguay: Situaci\u00f3n actual, actores y problem\u00e1ticas. Perspectivas para la gesti\u00f3n democr\u00e1tica y sustentable de un bien com\u00fan.<br \/>\n27 de noviembre. \u00a0Facultad de Ciencias de Alimentaci\u00f3n de la UNER. Concordia, Entre R\u00edos.<\/p>\n<p>&nbsp;<\/p>\n<h3><span style=\"color: #008000;\">ARROYOS Y ZONAS RIBERE\u00d1AS\u00a0<\/span><\/h3>\n<p dir=\"ltr\"><strong>2018.<\/strong> Participante en N\u00facleo Interdisciplinario Aguas Urbanas.<br \/>\nM\u00e1s info en:\u00a0<a href=\"http:\/\/www.aguasurbanas.ei.udelar.edu.uy\/\" target=\"_blank\" rel=\"noopener\">Aguas Urbanas<\/a><\/p>\n<p dir=\"ltr\"><strong>2015-2017.\u00a0<\/strong>PDU Ecolog\u00eda Fluvial: <em>Apoyo t\u00e9cnico al Barrio del Arroyo La Curtiembre<\/em> por proyecto de restauraci\u00f3n y parquizaci\u00f3n del Arroyo ubicado en Ciudad de Paysand\u00fa:<strong><br \/>\n<\/strong>A partir de octubre de 2015, brindamos asesoramiento a un\u00a0 proyecto de las Cooperativas de Viviendas del Barrio en cuesti\u00f3n para la restauraci\u00f3n del Arroyo La Curtiembre en Paysand\u00fa.\u00a0 Colaboramos con la <em>Unidad de Medio Ambiente de la Intendencia de Paysand\u00fa <\/em>para brindar informaci\u00f3n sobre la calidad de agua, el estado de la vegetaci\u00f3n en los m\u00e1rgenes del arroyo, y fuentes de contaminaci\u00f3n.<br \/>\nM\u00e1s info en:\u00a0<a href=\"https:\/\/ecologiafluvial.cup.edu.uy\/wp-content\/uploads\/2019\/07\/Librillo-Arroyo-la-Curtiembre-Paysand\u00fa.pdf\">Librillo \u00abProyecto Arroyo la Curtiembre Paysand\u00fa\u00bb<\/a><\/p>\n<p dir=\"ltr\">\n","protected":false},"excerpt":{"rendered":"<p>CHARLAS 2019.\u00a0Liceo 5. \u201cImpactos antropol\u00f3gicos sobre las comunidades de peces en Uruguay\u201d por Dr. Iv\u00e1n Gonz\u00e1lez. 2018-2019. Liceo 1. Charlas a estudiantes,\u00a0\u00abCrecimiento Secundaria de Plantas Le\u00f1osas y Determinaci\u00f3n de edad de los \u00e1rboles\u00bb por Dra. Christine Lucas. 2018. Liceo 1. Charla a estudiantes (Profesor a cargo Dar\u00edo Dalmas),\u00a0\u00abDataci\u00f3n de edades &hellip;<\/p>\n","protected":false},"author":2,"featured_media":0,"parent":0,"menu_order":0,"comment_status":"closed","ping_status":"closed","template":"","meta":{"footnotes":""},"class_list":["post-13","page","type-page","status-publish","hentry"],"_links":{"self":[{"href":"https:\/\/ecologiafluvial.cup.edu.uy\/index.php\/wp-json\/wp\/v2\/pages\/13","targetHints":{"allow":["GET"]}}],"collection":[{"href":"https:\/\/ecologiafluvial.cup.edu.uy\/index.php\/wp-json\/wp\/v2\/pages"}],"about":[{"href":"https:\/\/ecologiafluvial.cup.edu.uy\/index.php\/wp-json\/wp\/v2\/types\/page"}],"author":[{"embeddable":true,"href":"https:\/\/ecologiafluvial.cup.edu.uy\/index.php\/wp-json\/wp\/v2\/users\/2"}],"replies":[{"embeddable":true,"href":"https:\/\/ecologiafluvial.cup.edu.uy\/index.php\/wp-json\/wp\/v2\/comments?post=13"}],"version-history":[{"count":20,"href":"https:\/\/ecologiafluvial.cup.edu.uy\/index.php\/wp-json\/wp\/v2\/pages\/13\/revisions"}],"predecessor-version":[{"id":461,"href":"https:\/\/ecologiafluvial.cup.edu.uy\/index.php\/wp-json\/wp\/v2\/pages\/13\/revisions\/461"}],"wp:attachment":[{"href":"https:\/\/ecologiafluvial.cup.edu.uy\/index.php\/wp-json\/wp\/v2\/media?parent=13"}],"curies":[{"name":"wp","href":"https:\/\/api.w.org\/{rel}","templated":true}]}}